{"id":49,"date":"2017-07-29T17:34:47","date_gmt":"2017-07-29T15:34:47","guid":{"rendered":"http:\/\/betonatort.fr\/?page_id=49"},"modified":"2018-01-23T16:35:23","modified_gmt":"2018-01-23T15:35:23","slug":"liens","status":"publish","type":"page","link":"https:\/\/betonatort.fr\/index.php\/liens\/","title":{"rendered":"Liens"},"content":{"rendered":"<p><span style=\"text-decoration: underline;\">Associations environnementales<\/span> :<\/p>\n<p><a href=\"http:\/\/www.renard-nature-environnement.fr\/index.htm\"><img loading=\"lazy\" decoding=\"async\" class=\"wp-image-161 alignleft\" src=\"http:\/\/betonatort.fr\/wp-content\/uploads\/2017\/07\/renard-300x230.gif\" alt=\"\" width=\"99\" height=\"76\" \/>Association R.E.N.A.R.D<\/a><\/p>\n<p>&nbsp;<\/p>\n<p><a href=\"http:\/\/ile-de-france.lpo.fr\"><img loading=\"lazy\" decoding=\"async\" class=\"alignnone wp-image-515\" src=\"http:\/\/betonatort.fr\/wp-content\/uploads\/2017\/07\/LPO-300x106.png\" alt=\"\" width=\"193\" height=\"68\" srcset=\"https:\/\/betonatort.fr\/wp-content\/uploads\/2017\/07\/LPO-300x106.png 300w, https:\/\/betonatort.fr\/wp-content\/uploads\/2017\/07\/LPO.png 355w\" sizes=\"auto, (max-width: 193px) 100vw, 193px\" \/>Ligue pour la protection des oiseaux d&rsquo;Ile-de-France<\/a><\/p>\n<p><a href=\"http:\/\/fne-idf.fr\/\"><img loading=\"lazy\" decoding=\"async\" class=\"alignnone wp-image-517\" src=\"http:\/\/betonatort.fr\/wp-content\/uploads\/2017\/07\/FNEILDF.jpg\" alt=\"\" width=\"78\" height=\"75\" \/>France Nature et Environnement Ile-de-France<\/a><\/p>\n<p><a href=\"http:\/\/www.nature-et-societe.org\/\">Nature et soci\u00e9t\u00e9 dans le Val-de-marne (membre de la FNE)<\/a><\/p>\n<p><span style=\"text-decoration: underline;\">Pour une autre forme d&rsquo;urbanisme<\/span> :<span style=\"text-decoration: underline;\"><br \/>\n<\/span><\/p>\n<p><a href=\"http:\/\/aludhay94.blogspot.fr\/\"><img loading=\"lazy\" decoding=\"async\" class=\"wp-image-344 alignleft\" src=\"http:\/\/betonatort.fr\/wp-content\/uploads\/2017\/07\/logo-aludhay.gif\" alt=\"\" width=\"94\" height=\"67\" \/><\/a><a href=\"http:\/\/aludhay94.blogspot.fr\/\">ALUDHAY : Atelier local d&rsquo;urbanisme \u00e0 l&rsquo;Ha\u00ff-les-Roses<\/a><\/p>\n<p><a href=\"http:\/\/www.sites-cites.fr\/lassociation\/\"><br \/>\n<\/a><\/p>\n<p><span style=\"font-size: 14pt;\"><a href=\"https:\/\/www.facebook.com\/groups\/984924991533628\/\"><strong>Collectif europ\u00e9en pour la redynamisation des centre villes<\/strong><\/a><\/span><\/p>\n<p><iframe loading=\"lazy\" src=\"https:\/\/www.google.com\/maps\/d\/embed?mid=11_9yn5TaQTt9sr3NqrnYQhTsMAg&amp;hl=fr\" width=\"640\" height=\"480\"><\/iframe><\/p>\n<p><a href=\"http:\/\/transports.blog.lemonde.fr\/a-propos\/\"><img loading=\"lazy\" decoding=\"async\" class=\"alignnone wp-image-117\" src=\"http:\/\/betonatort.fr\/wp-content\/uploads\/2017\/07\/interconnexion.jpg\" alt=\"\" width=\"66\" height=\"69\" \/><\/a>\u00a0\u00a0\u00a0\u00a0\u00a0\u00a0 <a href=\"http:\/\/transports.blog.lemonde.fr\/a-propos\/\">L&rsquo;interconnexion n&rsquo;est plus assur\u00e9e, blog d&rsquo;Olivier Razemon<\/a><\/p>\n<p><a href=\"http:\/\/nonaeuropacity.com\/\">Collectif non \u00e0 EuropaCity<\/a>\u00a0\u00a0\u00a0 \u00a0 \u00a0 \u00a0 \u00a0\u00a0\u00a0 <a href=\"http:\/\/nonaeuropacity.com\/\"><img loading=\"lazy\" decoding=\"async\" class=\"alignnone wp-image-118\" src=\"http:\/\/betonatort.fr\/wp-content\/uploads\/2017\/07\/VISUEL_SITE-1-300x178.jpg\" alt=\"\" width=\"120\" height=\"71\" srcset=\"https:\/\/betonatort.fr\/wp-content\/uploads\/2017\/07\/VISUEL_SITE-1-300x178.jpg 300w, https:\/\/betonatort.fr\/wp-content\/uploads\/2017\/07\/VISUEL_SITE-1.jpg 700w\" sizes=\"auto, (max-width: 120px) 100vw, 120px\" \/><\/a><\/p>\n<p><a href=\"http:\/\/www.sites-cites.fr\/lassociation\/\"><img loading=\"lazy\" decoding=\"async\" class=\"wp-image-227 alignnone\" src=\"http:\/\/betonatort.fr\/wp-content\/uploads\/2017\/07\/sites-et-cit\u00e9s-remarquebles.png\" alt=\"\" width=\"90\" height=\"65\" \/><\/a><a href=\"http:\/\/www.sites-cites.fr\/lassociation\/\">Association sites et cit\u00e9s remarquables &#8211; France<\/a><\/p>\n<hr \/>\n<p><span style=\"text-decoration: underline;\">Compl\u00e9ments d&rsquo;information<\/span> :<\/p>\n<p><a href=\"https:\/\/roseraie.valdemarne.fr\/\"><img loading=\"lazy\" decoding=\"async\" class=\" wp-image-164 alignleft\" src=\"http:\/\/betonatort.fr\/wp-content\/uploads\/2017\/07\/logo.png\" alt=\"\" width=\"153\" height=\"48\" \/><\/a><a href=\"https:\/\/roseraie.valdemarne.fr\/\">Site de la Roseraie du Val-de-Marne<\/a><\/p>\n<p>&nbsp;<\/p>\n<p><a href=\"http:\/\/www.parcsetjardins.fr\/ile_de_france\/val_de_marne\/parc_dEpartemental_de_la_roseraie-1119.html\"><img loading=\"lazy\" decoding=\"async\" class=\"wp-image-166 alignleft\" src=\"http:\/\/betonatort.fr\/wp-content\/uploads\/2017\/07\/bg-header-300x42.jpg\" alt=\"\" width=\"193\" height=\"27\" srcset=\"https:\/\/betonatort.fr\/wp-content\/uploads\/2017\/07\/bg-header-300x42.jpg 300w, https:\/\/betonatort.fr\/wp-content\/uploads\/2017\/07\/bg-header-768x107.jpg 768w, https:\/\/betonatort.fr\/wp-content\/uploads\/2017\/07\/bg-header-940x136.jpg 940w, https:\/\/betonatort.fr\/wp-content\/uploads\/2017\/07\/bg-header.jpg 978w\" sizes=\"auto, (max-width: 193px) 100vw, 193px\" \/><\/a><\/p>\n<p>Apr\u00e8s avoir \u00e9t\u00e9 class\u00e9e aux monuments historiques en 2005, la Roseraie est labellis\u00e9e jardin remarquable en 2011:<br \/>\n<a href=\"http:\/\/www.parcsetjardins.fr\/ile_de_france\/val_de_marne\/parc_dEpartemental_de_la_roseraie-1119.html\">Comit\u00e9 des Parcs et Jardins de Fran<\/a><a href=\"http:\/\/www.parcsetjardins.fr\/ile_de_france\/val_de_marne\/parc_dEpartemental_de_la_roseraie-1119.html\">ce<\/a><\/p>\n<p><a href=\"http:\/\/127.0.0.1:4001\/wordpress\/wp-content\/uploads\/2008\/09\/renard.gif\"><img loading=\"lazy\" decoding=\"async\" class=\"wp-image-165 alignnone\" src=\"http:\/\/betonatort.fr\/wp-content\/uploads\/2017\/07\/logo_footer.png\" alt=\"\" width=\"138\" height=\"81\" \/><\/a><br \/>\nMairie de l&rsquo;Ha\u00ff-les-Roses :<br \/>\n&#8211; <a href=\"http:\/\/www.lhaylesroses.fr\/cadre-de-vie\/plan-local-d-urbanisme-plu\">le plan local d&rsquo;urbanisme<br \/>\n<\/a>&#8211; <a href=\"http:\/\/www.lhaylesroses.fr\/cadre-de-vie\/actualites-cadredevie\/307-concertation-coeur-de-ville\">la pr\u00e9sentation du projet d&rsquo;am\u00e9nagement du centre ville<\/a><\/p>\n","protected":false},"excerpt":{"rendered":"<p>Associations environnementales : Association R.E.N.A.R.D &nbsp; Ligue pour la protection des oiseaux d&rsquo;Ile-de-France France Nature et Environnement Ile-de-France Nature et soci\u00e9t\u00e9 dans le Val-de-marne (membre de la FNE) Pour une autre forme d&rsquo;urbanisme : ALUDHAY : Atelier local d&rsquo;urbanisme \u00e0 &hellip; <a href=\"https:\/\/betonatort.fr\/index.php\/liens\/\">Continuer la lecture <span class=\"meta-nav\">&rarr;<\/span><\/a><\/p>\n","protected":false},"author":1,"featured_media":0,"parent":0,"menu_order":0,"comment_status":"closed","ping_status":"closed","template":"","meta":{"_kadence_starter_templates_imported_post":false,"footnotes":""},"class_list":["post-49","page","type-page","status-publish","hentry"],"_links":{"self":[{"href":"https:\/\/betonatort.fr\/index.php\/wp-json\/wp\/v2\/pages\/49","targetHints":{"allow":["GET"]}}],"collection":[{"href":"https:\/\/betonatort.fr\/index.php\/wp-json\/wp\/v2\/pages"}],"about":[{"href":"https:\/\/betonatort.fr\/index.php\/wp-json\/wp\/v2\/types\/page"}],"author":[{"embeddable":true,"href":"https:\/\/betonatort.fr\/index.php\/wp-json\/wp\/v2\/users\/1"}],"replies":[{"embeddable":true,"href":"https:\/\/betonatort.fr\/index.php\/wp-json\/wp\/v2\/comments?post=49"}],"version-history":[{"count":35,"href":"https:\/\/betonatort.fr\/index.php\/wp-json\/wp\/v2\/pages\/49\/revisions"}],"predecessor-version":[{"id":649,"href":"https:\/\/betonatort.fr\/index.php\/wp-json\/wp\/v2\/pages\/49\/revisions\/649"}],"wp:attachment":[{"href":"https:\/\/betonatort.fr\/index.php\/wp-json\/wp\/v2\/media?parent=49"}],"curies":[{"name":"wp","href":"https:\/\/api.w.org\/{rel}","templated":true}]}}